{"id":852,"date":"2024-02-21T14:38:55","date_gmt":"2024-02-21T14:38:55","guid":{"rendered":"https:\/\/www.belinal-fir.com\/silver-fir-tree-story\/"},"modified":"2026-04-06T17:58:44","modified_gmt":"2026-04-06T17:58:44","slug":"zgodba-o-beli-jelki","status":"publish","type":"page","link":"https:\/\/www.belinal-fir.com\/sl\/belinal-izvlecek\/zgodba-o-beli-jelki\/","title":{"rendered":"Zgodba o beli jelki"},"content":{"rendered":"<div class=\"wpb-content-wrapper\"><p>[vc_row full_width=&#8221;stretch_row_content_no_spaces&#8221; el_class=&#8221;sp-page-title&#8221;][vc_column]\t\t\n\t\t<div class=\"title-banner\" style=\"background-image: linear-gradient(rgba(0, 0, 0, 0.0),rgba(0, 0, 0, 0.0)),url();\">\n\t\t\t<div class=\"container\">\n\t\t\t\t<div class=\"breadcrumbs-container\">\n\t\t\t\t\t\t<div class=\"breadcrumbs\">\n\t\t\t\t\t\t\t\n\t<ul class=\"ns-breadcrumbs\">\n\t\t\t<li><a href=\"https:\/\/www.belinal-fir.com\/sl\/\">Home<\/a><\/li>\n\t\t\t\t\t<li><a href=\"https:\/\/www.belinal-fir.com\/sl\/belinal-izvlecek\/\">Belinal izvle\u010dek<\/a><\/li>\n\t\t\t\t<li>Zgodba o beli jelki<\/li>\n\t<\/ul>\n\t\n\t\t\t\t\t\t\t\t<div class=\"clearfix\"><\/div>\n\t\t\t\t\t\t<\/div>\n\t\t\t\t<\/div>\n\t\t\t\t\t\t\t<\/div>\n\t\t<\/div>\n\n\t\t[\/vc_column][\/vc_row][vc_row el_class=&#8221;sp-intro&#8221;][vc_column width=&#8221;1\/4&#8243; el_class=&#8221;c1&#8243;]\t\n\t\t<nav class=\" sidenav \">\n\t\t<a href=\"https:\/\/www.belinal-fir.com\/sl\/belinal-izvlecek\/\" class=\"sidenav-title\"><h2>Belinal izvle\u010dek<\/h2><\/a>\n\t\t<ul>\n\t\t<li class=\"page_item page-item-850\"><a href=\"https:\/\/www.belinal-fir.com\/sl\/belinal-izvlecek\/kaj-je-belinal\/\">Kaj je Belinal\u00ae<\/a><\/li>\n<li class=\"page_item page-item-852\"><a href=\"https:\/\/www.belinal-fir.com\/sl\/belinal-izvlecek\/zgodba-o-beli-jelki\/\">Zgodba o beli jelki<\/a><\/li>\n<li class=\"page_item page-item-851\"><a href=\"https:\/\/www.belinal-fir.com\/sl\/belinal-izvlecek\/prednosti-in-lastnosti\/\">Prednosti in lastnosti<\/a><\/li>\n<li class=\"page_item page-item-849\"><a href=\"https:\/\/www.belinal-fir.com\/sl\/belinal-izvlecek\/varnost-in-kakovost\/\">Varnost in kakovost<\/a><\/li>\n<li class=\"page_item page-item-848\"><a href=\"https:\/\/www.belinal-fir.com\/sl\/belinal-izvlecek\/trajnost\/\">Trajnost<\/a><\/li>\n\t   \t<\/ul>\n\t<\/nav>\n\t\n\t[\/vc_column][vc_column width=&#8221;3\/4&#8243; el_class=&#8221;c2&#8243;]\t\t\n\t\t<div class=\"title-banner\" style=\"background-image: url();\">\n\t\t\t<div class=\"container\">\n\t\t\t\t<h1 class=\"entry-title\">Zgodba o beli jelki<\/h1>\n\n\t\t\t\t\t\t\t<\/div>\n\t\t<\/div>\n\n\t\t[vc_row_inner][vc_column_inner][vc_column_text]<\/p>\n<h2>Zgodba o Belinalu je zgodba bo\u017ei\u010dnega drevesa<\/h2>\n<h3>Bo\u017ei\u010dno drevo kot drevo \u017eivljenja<\/h3>\n<p>Visoko v hladnih gorskih gozdovih uspevajo le najbolj trdo\u017eive rastline, ki prenesejo zahtevne naravne razmere. Prav tam domuje bela jelka \u2013 tradicionalno bo\u017ei\u010dno drevo. Simbolni pomen bo\u017ei\u010dnega drevesa izvira iz keltske kulture, v kateri je bela jelka predstavljala \u017eivljenje, ponovno rojstvo in mo\u010d, potrebno za pre\u017eivetje dolgih zimskih mesecev. Na\u0161i predniki so zimzelene bele jelke prina\u0161ali v svoje domove kot simbol za\u0161\u010dite in kot znamenje za\u010detka novega leta. Tudi prvi kristjani so prepoznali ta pomen, mu dodali sve\u010de in jabolka ter to tradicijo ohranili skozi stoletja. Bela jelka tako \u017ee dolgo velja za simbol dolgo\u017eivosti, zdravja in dru\u017einske povezanosti.<\/p>\n<h3>Zdravilno mo\u010d bele jelke so poznali \u017ee na\u0161i predniki<\/h3>\n<p>Blagodejni u\u010dinki vej bele jelke so bili znani \u017ee na\u0161im prednikom. V \u0161tevilnih evropskih pokrajinah, zlasti v gorskih obmo\u010djih, je bila bela jelka del ljudskega izro\u010dila, njene veje pa so pogosto uporabljali za pripravo \u010daja pri prehladih in revmati\u010dnih te\u017eavah. Skoraj dva tiso\u010d let je bilo potrebnih, da je znanost potrdila, da veje bele jelke vsebujejo izjemno raznoliko paleto polifenolov in polisaharidov, ki lahko prehajajo skozi celi\u010dne membrane in podpirajo naravne procese obnavljanja v telesu.[\/vc_column_text][vc_single_image image=&#8221;419&#8243;][\/vc_column_inner][\/vc_row_inner][vc_empty_space][\/vc_column][\/vc_row]<\/p>\n<\/div>","protected":false},"excerpt":{"rendered":"<p>[vc_row full_width=&#8221;stretch_row_content_no_spaces&#8221; el_class=&#8221;sp-page-title&#8221;][vc_column][\/vc_column][\/vc_row][vc_row el_class=&#8221;sp-intro&#8221;][vc_column width=&#8221;1\/4&#8243; el_class=&#8221;c1&#8243;][\/vc_column][vc_column width=&#8221;3\/4&#8243; el_class=&#8221;c2&#8243;][vc_row_inner][vc_column_inner][vc_column_text] Zgodba o Belinalu je zgodba bo\u017ei\u010dnega drevesa Bo\u017ei\u010dno drevo kot drevo \u017eivljenja Visoko v hladnih gorskih gozdovih uspevajo le najbolj trdo\u017eive rastline, ki prenesejo zahtevne naravne razmere. Prav tam domuje bela jelka \u2013 tradicionalno bo\u017ei\u010dno drevo. Simbolni pomen bo\u017ei\u010dnega drevesa izvira iz keltske kulture, v kateri je bela jelka predstavljala \u017eivljenje, ponovno rojstvo in mo\u010d, potrebno za pre\u017eivetje dolgih zimskih mesecev. Na\u0161i predniki so zimzelene bele jelke prina\u0161ali v svoje domove kot simbol za\u0161\u010dite in kot znamenje za\u010detka novega leta. Tudi prvi kristjani so prepoznali ta pomen, mu dodali sve\u010de in jabolka ter to tradicijo ohranili skozi stoletja. Bela jelka tako \u017ee dolgo velja za simbol dolgo\u017eivosti, zdravja in dru\u017einske povezanosti. Zdravilno [&hellip;]<\/p>\n","protected":false},"author":1,"featured_media":681,"parent":853,"menu_order":1,"comment_status":"closed","ping_status":"closed","template":"","meta":{"footnotes":""},"class_list":["post-852","page","type-page","status-publish","has-post-thumbnail","hentry"],"yoast_head":"<!-- This site is optimized with the Yoast SEO plugin v21.3 - https:\/\/yoast.com\/wordpress\/plugins\/seo\/ -->\n<title>Zgodba o beli jelki - Belinal izvle\u010dek vej bele jelke<\/title>\n<meta name=\"description\" content=\"Po navdihu starodavnega simbola \u00bbdrevesa \u017eivljenja\u00ab Belinal\u00ae zdru\u017euje odpornost in blagodejno mo\u010d bele jelke, ki jo ljudje \u017ee stoletja cenijo kot naravno podporo zdravju in vitalnosti.\" \/>\n<meta name=\"robots\" content=\"index, follow, max-snippet:-1, max-image-preview:large, max-video-preview:-1\" \/>\n<link rel=\"canonical\" href=\"https:\/\/www.belinal-fir.com\/sl\/belinal-izvlecek\/zgodba-o-beli-jelki\/\" \/>\n<meta property=\"og:locale\" content=\"sl_SI\" \/>\n<meta property=\"og:type\" content=\"article\" \/>\n<meta property=\"og:title\" content=\"Zgodba o beli jelki - Belinal izvle\u010dek vej bele jelke\" \/>\n<meta property=\"og:description\" content=\"Po navdihu starodavnega simbola \u00bbdrevesa \u017eivljenja\u00ab Belinal\u00ae zdru\u017euje odpornost in blagodejno mo\u010d bele jelke, ki jo ljudje \u017ee stoletja cenijo kot naravno podporo zdravju in vitalnosti.\" \/>\n<meta property=\"og:url\" content=\"https:\/\/www.belinal-fir.com\/sl\/belinal-izvlecek\/zgodba-o-beli-jelki\/\" \/>\n<meta property=\"og:site_name\" content=\"Belinal izvle\u010dek vej bele jelke\" \/>\n<meta property=\"article:modified_time\" content=\"2026-04-06T17:58:44+00:00\" \/>\n<meta property=\"og:image\" content=\"https:\/\/www.belinal-fir.com\/wp-content\/uploads\/2026\/03\/bozicno-drevo-z-lesenimi-okraski.png\" \/>\n\t<meta property=\"og:image:width\" content=\"1536\" \/>\n\t<meta property=\"og:image:height\" content=\"1024\" \/>\n\t<meta property=\"og:image:type\" content=\"image\/png\" \/>\n<meta name=\"twitter:card\" content=\"summary_large_image\" \/>\n<meta name=\"twitter:label1\" content=\"Est. reading time\" \/>\n\t<meta name=\"twitter:data1\" content=\"1 minuta\" \/>\n<script type=\"application\/ld+json\" class=\"yoast-schema-graph\">{\"@context\":\"https:\/\/schema.org\",\"@graph\":[{\"@type\":\"WebPage\",\"@id\":\"https:\/\/www.belinal-fir.com\/sl\/belinal-izvlecek\/zgodba-o-beli-jelki\/\",\"url\":\"https:\/\/www.belinal-fir.com\/sl\/belinal-izvlecek\/zgodba-o-beli-jelki\/\",\"name\":\"Zgodba o beli jelki - Belinal izvle\u010dek vej bele jelke\",\"isPartOf\":{\"@id\":\"https:\/\/www.belinal-fir.com\/#website\"},\"datePublished\":\"2024-02-21T14:38:55+00:00\",\"dateModified\":\"2026-04-06T17:58:44+00:00\",\"description\":\"Po navdihu starodavnega simbola \u00bbdrevesa \u017eivljenja\u00ab Belinal\u00ae zdru\u017euje odpornost in blagodejno mo\u010d bele jelke, ki jo ljudje \u017ee stoletja cenijo kot naravno podporo zdravju in vitalnosti.\",\"breadcrumb\":{\"@id\":\"https:\/\/www.belinal-fir.com\/sl\/belinal-izvlecek\/zgodba-o-beli-jelki\/#breadcrumb\"},\"inLanguage\":\"sl-SI\",\"potentialAction\":[{\"@type\":\"ReadAction\",\"target\":[\"https:\/\/www.belinal-fir.com\/sl\/belinal-izvlecek\/zgodba-o-beli-jelki\/\"]}]},{\"@type\":\"BreadcrumbList\",\"@id\":\"https:\/\/www.belinal-fir.com\/sl\/belinal-izvlecek\/zgodba-o-beli-jelki\/#breadcrumb\",\"itemListElement\":[{\"@type\":\"ListItem\",\"position\":1,\"name\":\"Home\",\"item\":\"https:\/\/www.belinal-fir.com\/sl\/\"},{\"@type\":\"ListItem\",\"position\":2,\"name\":\"Belinal izvle\u010dek\",\"item\":\"https:\/\/www.belinal-fir.com\/sl\/belinal-izvlecek\/\"},{\"@type\":\"ListItem\",\"position\":3,\"name\":\"Zgodba o beli jelki\"}]},{\"@type\":\"WebSite\",\"@id\":\"https:\/\/www.belinal-fir.com\/#website\",\"url\":\"https:\/\/www.belinal-fir.com\/\",\"name\":\"Belinal izvle\u010dek vej bele jelke\",\"description\":\"\",\"potentialAction\":[{\"@type\":\"SearchAction\",\"target\":{\"@type\":\"EntryPoint\",\"urlTemplate\":\"https:\/\/www.belinal-fir.com\/?s={search_term_string}\"},\"query-input\":\"required name=search_term_string\"}],\"inLanguage\":\"sl-SI\"}]}<\/script>\n<!-- \/ Yoast SEO plugin. -->","yoast_head_json":{"title":"Zgodba o beli jelki - Belinal izvle\u010dek vej bele jelke","description":"Po navdihu starodavnega simbola \u00bbdrevesa \u017eivljenja\u00ab Belinal\u00ae zdru\u017euje odpornost in blagodejno mo\u010d bele jelke, ki jo ljudje \u017ee stoletja cenijo kot naravno podporo zdravju in vitalnosti.","robots":{"index":"index","follow":"follow","max-snippet":"max-snippet:-1","max-image-preview":"max-image-preview:large","max-video-preview":"max-video-preview:-1"},"canonical":"https:\/\/www.belinal-fir.com\/sl\/belinal-izvlecek\/zgodba-o-beli-jelki\/","og_locale":"sl_SI","og_type":"article","og_title":"Zgodba o beli jelki - Belinal izvle\u010dek vej bele jelke","og_description":"Po navdihu starodavnega simbola \u00bbdrevesa \u017eivljenja\u00ab Belinal\u00ae zdru\u017euje odpornost in blagodejno mo\u010d bele jelke, ki jo ljudje \u017ee stoletja cenijo kot naravno podporo zdravju in vitalnosti.","og_url":"https:\/\/www.belinal-fir.com\/sl\/belinal-izvlecek\/zgodba-o-beli-jelki\/","og_site_name":"Belinal izvle\u010dek vej bele jelke","article_modified_time":"2026-04-06T17:58:44+00:00","og_image":[{"width":1536,"height":1024,"url":"https:\/\/www.belinal-fir.com\/wp-content\/uploads\/2026\/03\/bozicno-drevo-z-lesenimi-okraski.png","type":"image\/png"}],"twitter_card":"summary_large_image","twitter_misc":{"Est. reading time":"1 minuta"},"schema":{"@context":"https:\/\/schema.org","@graph":[{"@type":"WebPage","@id":"https:\/\/www.belinal-fir.com\/sl\/belinal-izvlecek\/zgodba-o-beli-jelki\/","url":"https:\/\/www.belinal-fir.com\/sl\/belinal-izvlecek\/zgodba-o-beli-jelki\/","name":"Zgodba o beli jelki - Belinal izvle\u010dek vej bele jelke","isPartOf":{"@id":"https:\/\/www.belinal-fir.com\/#website"},"datePublished":"2024-02-21T14:38:55+00:00","dateModified":"2026-04-06T17:58:44+00:00","description":"Po navdihu starodavnega simbola \u00bbdrevesa \u017eivljenja\u00ab Belinal\u00ae zdru\u017euje odpornost in blagodejno mo\u010d bele jelke, ki jo ljudje \u017ee stoletja cenijo kot naravno podporo zdravju in vitalnosti.","breadcrumb":{"@id":"https:\/\/www.belinal-fir.com\/sl\/belinal-izvlecek\/zgodba-o-beli-jelki\/#breadcrumb"},"inLanguage":"sl-SI","potentialAction":[{"@type":"ReadAction","target":["https:\/\/www.belinal-fir.com\/sl\/belinal-izvlecek\/zgodba-o-beli-jelki\/"]}]},{"@type":"BreadcrumbList","@id":"https:\/\/www.belinal-fir.com\/sl\/belinal-izvlecek\/zgodba-o-beli-jelki\/#breadcrumb","itemListElement":[{"@type":"ListItem","position":1,"name":"Home","item":"https:\/\/www.belinal-fir.com\/sl\/"},{"@type":"ListItem","position":2,"name":"Belinal izvle\u010dek","item":"https:\/\/www.belinal-fir.com\/sl\/belinal-izvlecek\/"},{"@type":"ListItem","position":3,"name":"Zgodba o beli jelki"}]},{"@type":"WebSite","@id":"https:\/\/www.belinal-fir.com\/#website","url":"https:\/\/www.belinal-fir.com\/","name":"Belinal izvle\u010dek vej bele jelke","description":"","potentialAction":[{"@type":"SearchAction","target":{"@type":"EntryPoint","urlTemplate":"https:\/\/www.belinal-fir.com\/?s={search_term_string}"},"query-input":"required name=search_term_string"}],"inLanguage":"sl-SI"}]}},"_links":{"self":[{"href":"https:\/\/www.belinal-fir.com\/sl\/wp-json\/wp\/v2\/pages\/852","targetHints":{"allow":["GET"]}}],"collection":[{"href":"https:\/\/www.belinal-fir.com\/sl\/wp-json\/wp\/v2\/pages"}],"about":[{"href":"https:\/\/www.belinal-fir.com\/sl\/wp-json\/wp\/v2\/types\/page"}],"author":[{"embeddable":true,"href":"https:\/\/www.belinal-fir.com\/sl\/wp-json\/wp\/v2\/users\/1"}],"replies":[{"embeddable":true,"href":"https:\/\/www.belinal-fir.com\/sl\/wp-json\/wp\/v2\/comments?post=852"}],"version-history":[{"count":2,"href":"https:\/\/www.belinal-fir.com\/sl\/wp-json\/wp\/v2\/pages\/852\/revisions"}],"predecessor-version":[{"id":994,"href":"https:\/\/www.belinal-fir.com\/sl\/wp-json\/wp\/v2\/pages\/852\/revisions\/994"}],"up":[{"embeddable":true,"href":"https:\/\/www.belinal-fir.com\/sl\/wp-json\/wp\/v2\/pages\/853"}],"wp:featuredmedia":[{"embeddable":true,"href":"https:\/\/www.belinal-fir.com\/sl\/wp-json\/wp\/v2\/media\/681"}],"wp:attachment":[{"href":"https:\/\/www.belinal-fir.com\/sl\/wp-json\/wp\/v2\/media?parent=852"}],"curies":[{"name":"wp","href":"https:\/\/api.w.org\/{rel}","templated":true}]}}